{"id":735,"date":"2020-09-02T20:29:08","date_gmt":"2020-09-02T18:29:08","guid":{"rendered":"http:\/\/judobernanos.com\/wordpressloevan\/?page_id=735"},"modified":"2024-09-28T15:28:38","modified_gmt":"2024-09-28T13:28:38","slug":"pourquoi-saluer","status":"publish","type":"page","link":"https:\/\/judobernanos.com\/wordpressloevan\/culture-judo\/pourquoi-saluer\/","title":{"rendered":"Pourquoi saluer ?"},"content":{"rendered":"\t\t<div data-elementor-type=\"wp-page\" data-elementor-id=\"735\" class=\"elementor elementor-735\">\n\t\t\t\t\t\t<section class=\"elementor-section elementor-top-section elementor-element elementor-element-6ffb0ec elementor-section-content-middle elementor-section-full_width elementor-section-height-default elementor-section-height-default\" data-id=\"6ffb0ec\" data-element_type=\"section\" data-e-type=\"section\" data-settings=\"{&quot;background_background&quot;:&quot;classic&quot;}\">\n\t\t\t\t\t\t\t<div class=\"elementor-background-overlay\"><\/div>\n\t\t\t\t\t\t\t<div class=\"elementor-container elementor-column-gap-no\">\n\t\t\t\t\t<div class=\"elementor-column elementor-col-100 elementor-top-column elementor-element elementor-element-62e2a20\" data-id=\"62e2a20\" data-element_type=\"column\" data-e-type=\"column\">\n\t\t\t<div class=\"elementor-widget-wrap elementor-element-populated\">\n\t\t\t\t\t\t<div class=\"elementor-element elementor-element-98e4712 elementor-widget elementor-widget-heading\" data-id=\"98e4712\" data-element_type=\"widget\" data-e-type=\"widget\" data-widget_type=\"heading.default\">\n\t\t\t\t<div class=\"elementor-widget-container\">\n\t\t\t\t\t<h4 class=\"elementor-heading-title elementor-size-default\">Pourquoi saluer ?<\/h4>\t\t\t\t<\/div>\n\t\t\t\t<\/div>\n\t\t\t\t<div class=\"elementor-element elementor-element-1313d3d elementor-widget elementor-widget-heading\" data-id=\"1313d3d\" data-element_type=\"widget\" data-e-type=\"widget\" data-widget_type=\"heading.default\">\n\t\t\t\t<div class=\"elementor-widget-container\">\n\t\t\t\t\t<h5 class=\"elementor-heading-title elementor-size-default\">une tradition<\/h5>\t\t\t\t<\/div>\n\t\t\t\t<\/div>\n\t\t\t\t\t<\/div>\n\t\t<\/div>\n\t\t\t\t\t<\/div>\n\t\t<\/section>\n\t\t\t\t<section class=\"elementor-section elementor-top-section elementor-element elementor-element-f7d7574 elementor-section-boxed elementor-section-height-default elementor-section-height-default\" data-id=\"f7d7574\" data-element_type=\"section\" data-e-type=\"section\">\n\t\t\t\t\t\t<div class=\"elementor-container elementor-column-gap-default\">\n\t\t\t\t\t<div class=\"elementor-column elementor-col-100 elementor-top-column elementor-element elementor-element-911bd40\" data-id=\"911bd40\" data-element_type=\"column\" data-e-type=\"column\">\n\t\t\t<div class=\"elementor-widget-wrap elementor-element-populated\">\n\t\t\t\t\t\t<div class=\"elementor-element elementor-element-95ffc24 elementor-widget elementor-widget-text-editor\" data-id=\"95ffc24\" data-element_type=\"widget\" data-e-type=\"widget\" data-widget_type=\"text-editor.default\">\n\t\t\t\t<div class=\"elementor-widget-container\">\n\t\t\t\t\t\t\t\t\t<h3><span style=\"color: #ffffff;\">POURQUOI SALUE-T-ON ?<\/span><\/h3><p><span style=\"color: #ffffff;\">Le Judo vient du Japon. Traditionnellement dans ce pays on ne donne pas une poign\u00e9e de main mais on salue la personne ou l\u2019entit\u00e9 envers laquelle on veut montrer du respect, de la d\u00e9f\u00e9rence, de la reconnaissance, de la gratitude, de la modestie&#8230; En fait, tout le code moral issu du code d\u2019honneur des samoura\u00efs est inclus dans le salut. Ce rituel, contrairement \u00e0 une poign\u00e9e de main, \u00e0 une accolade, ou \u00e0 un \u00ab bisou \u00bb respecte l\u2019hygi\u00e8ne et l\u2019intimit\u00e9 des individus. Ainsi, pas de transmission de bact\u00e9ries et pas de g\u00eane. Le salut est aussi l\u2019expression du principe de la souplesse \u00ab JU \u00bb. Le Judoka, en s\u2019inclinant plus ou moins profond\u00e9ment, s\u2019adapte \u00e0 la situation qui se pr\u00e9sente \u00e0 lui. Plus il est souple de corps et d\u2019esprit, mieux il peut s\u2019exprimer avec ce simple geste. Plus ou moins profond\u00e9ment, plus ou moins guind\u00e9 selon la circonstance et l\u2019\u00e9tat d\u2019esprit ! La fa\u00e7on de saluer d\u2019un combattant r\u00e9v\u00e8le une partie de sa personnalit\u00e9, de son v\u00e9cu, de son ressenti. Le salut permet le contr\u00f4le de soi car, m\u00eame en cas de d\u00e9saccord, les deux individus en pr\u00e9sence gardent leurs distances. Contrairement \u00e0 d\u2019autres signes de politesse, il n\u2019oblige pas \u00e0 toucher un rival ou une personne \u00e9trang\u00e8re.<\/span><\/p>\t\t\t\t\t\t\t\t<\/div>\n\t\t\t\t<\/div>\n\t\t\t\t\t<\/div>\n\t\t<\/div>\n\t\t\t\t\t<\/div>\n\t\t<\/section>\n\t\t\t\t<section class=\"elementor-section elementor-top-section elementor-element elementor-element-d3d968a elementor-section-boxed elementor-section-height-default elementor-section-height-default\" data-id=\"d3d968a\" data-element_type=\"section\" data-e-type=\"section\">\n\t\t\t\t\t\t<div class=\"elementor-container elementor-column-gap-default\">\n\t\t\t\t\t<div class=\"elementor-column elementor-col-100 elementor-top-column elementor-element elementor-element-33e3e83\" data-id=\"33e3e83\" data-element_type=\"column\" data-e-type=\"column\">\n\t\t\t<div class=\"elementor-widget-wrap elementor-element-populated\">\n\t\t\t\t\t\t<div class=\"elementor-element elementor-element-a9c5e49 elementor-widget elementor-widget-text-editor\" data-id=\"a9c5e49\" data-element_type=\"widget\" data-e-type=\"widget\" data-widget_type=\"text-editor.default\">\n\t\t\t\t<div class=\"elementor-widget-container\">\n\t\t\t\t\t\t\t\t\t<p><span style=\"color: #ffffff;\">\u00a0En Judo, rituellement, les adversaires se saluent avant et apr\u00e8s un combat, c\u2019est sobre, c\u2019est \u00ab classe \u00bb et&#8230; c\u2019est la r\u00e8gle ! Un guide des saluts est d\u00e9fini par la f\u00e9d\u00e9ration internationale de Judo. Et \u00e0 tous niveaux, le combattant qui intentionnellement ne respecte pas la proc\u00e9dure peut \u00eatre disqualifi\u00e9 par les arbitres. Chaque art martial ou sport d\u2019opposition poss\u00e8de un salut particulier. En boxe fran\u00e7aise, on place le gant sur le c\u0153ur, en boxe anglaise on touche les gants, en escrime on salue avec l\u2019arme, en lutte on touche la main, en karat\u00e9, en Judo on salue en \u00ab ritsurei \u00bb (salut debout), en sumo le salut est beaucoup plus sacralis\u00e9. Dans tous les cas, pendant les quelques instants n\u00e9cessaires \u00e0 cette action on se concentre, on ma\u00eetrise sa respiration, on se domine, on se contr\u00f4le, on \u00e9vacue le stress ou le ressentiment. Il permet de garder sa dignit\u00e9 en toute circonstance. A nous d\u2019en faire prendre conscience aux d\u00e9butants qui nous entourent. LE SALUT &#8211; ESPRIT DE GRATITUDE Lors d\u2019une c\u00e9r\u00e9monie des v\u0153ux organis\u00e9e dans un club, un professeur haut grad\u00e9 japonais \u00e9tait pri\u00e9 de faire une intervention en pr\u00e9sence de l\u2019ensemble des Judokas. Il donna une explication du salut en Judo : &#8211; On salue le dojo et le tatami en y entrant par respect du lieu qui nous est offert pour l\u2019entra\u00eenement. Sans cet endroit pas de pratique et de formation possibles. &#8211; On salue le professeur en remerciement du temps qu\u2019il nous consacre et des connaissances qu\u2019il nous d\u00e9voile. Sans lui peu de progr\u00e8s possible. &#8211; On salue son partenaire avant et apr\u00e8s chaque exercice, chaque kata, chaque randori pour le remercier de participer \u00e0 notre apprentissage. Sans lui peu d\u2019\u00e9volution possible. &#8211; On salue son adversaire avant et apr\u00e8s un combat pour le remercier de s\u2019\u00eatre pr\u00eat\u00e9 \u00e0 une \u00e9valuation mutuelle. Sans adversaire pas de champion. Le perdant d\u2019un jour sera peut-\u00eatre le gagnant de demain. &#8211; De m\u00eame, d\u00e8s qu\u2019on les rencontre, on salue ses parents, ses amis, ses coll\u00e8gues pour les remercier de participer \u00e0 notre vie et par l\u00e0 m\u00eame l\u2019embellir ou la pimenter. Sans cette gratitude mutuelle la vie sur les tatamis et ailleurs serait bien insipide.<\/span><\/p>\t\t\t\t\t\t\t\t<\/div>\n\t\t\t\t<\/div>\n\t\t\t\t\t<\/div>\n\t\t<\/div>\n\t\t\t\t\t<\/div>\n\t\t<\/section>\n\t\t\t\t<section class=\"elementor-section elementor-top-section elementor-element elementor-element-e9ceecd elementor-section-full_width elementor-section-height-default elementor-section-height-default\" data-id=\"e9ceecd\" data-element_type=\"section\" data-e-type=\"section\" data-settings=\"{&quot;background_background&quot;:&quot;classic&quot;}\">\n\t\t\t\t\t\t<div class=\"elementor-container elementor-column-gap-no\">\n\t\t\t\t\t<div class=\"elementor-column elementor-col-100 elementor-top-column elementor-element elementor-element-401ffab\" data-id=\"401ffab\" data-element_type=\"column\" data-e-type=\"column\">\n\t\t\t<div class=\"elementor-widget-wrap elementor-element-populated\">\n\t\t\t\t\t\t<div class=\"elementor-element elementor-element-a9b9980 elementor-widget elementor-widget-google_maps\" data-id=\"a9b9980\" data-element_type=\"widget\" data-e-type=\"widget\" data-widget_type=\"google_maps.default\">\n\t\t\t\t<div class=\"elementor-widget-container\">\n\t\t\t\t\t\t\t<div class=\"elementor-custom-embed\">\n\t\t\t<iframe loading=\"lazy\"\n\t\t\t\t\tsrc=\"https:\/\/maps.google.com\/maps?q=8%20rue%20Th%C3%A9ophile%20Gautier%2C%20Le%20Havre&#038;t=m&#038;z=14&#038;output=embed&#038;iwloc=near\"\n\t\t\t\t\ttitle=\"8 rue Th\u00e9ophile Gautier, Le Havre\"\n\t\t\t\t\taria-label=\"8 rue Th\u00e9ophile Gautier, Le Havre\"\n\t\t\t><\/iframe>\n\t\t<\/div>\n\t\t\t\t\t\t<\/div>\n\t\t\t\t<\/div>\n\t\t\t\t<section class=\"elementor-section elementor-inner-section elementor-element elementor-element-23a7499 elementor-section-content-middle elementor-section-boxed elementor-section-height-default elementor-section-height-default\" data-id=\"23a7499\" data-element_type=\"section\" data-e-type=\"section\">\n\t\t\t\t\t\t<div class=\"elementor-container elementor-column-gap-no\">\n\t\t\t\t\t<div class=\"elementor-column elementor-col-33 elementor-inner-column elementor-element elementor-element-96c91c3\" data-id=\"96c91c3\" data-element_type=\"column\" data-e-type=\"column\">\n\t\t\t<div class=\"elementor-widget-wrap elementor-element-populated\">\n\t\t\t\t\t\t<div class=\"elementor-element elementor-element-b0b0f40 elementor-widget elementor-widget-heading\" data-id=\"b0b0f40\" data-element_type=\"widget\" data-e-type=\"widget\" data-widget_type=\"heading.default\">\n\t\t\t\t<div class=\"elementor-widget-container\">\n\t\t\t\t\t<h6 class=\"elementor-heading-title elementor-size-default\">Nos horaires<\/h6>\t\t\t\t<\/div>\n\t\t\t\t<\/div>\n\t\t\t\t<div class=\"elementor-element elementor-element-60f7de8 elementor-widget elementor-widget-text-editor\" data-id=\"60f7de8\" data-element_type=\"widget\" data-e-type=\"widget\" data-widget_type=\"text-editor.default\">\n\t\t\t\t<div class=\"elementor-widget-container\">\n\t\t\t\t\t\t\t\t\t<p>Lundi : 18h &#8211; 19h<\/p><p>Mardi : 18h30 &#8211; 20h<\/p><p>Mercredi : 14h &#8211; 19h<\/p><p>Vendredi : 18h30 &#8211; 20h<\/p><p>Samedi : 11h &#8211; 12h puis 15h &#8211; 19h<\/p>\t\t\t\t\t\t\t\t<\/div>\n\t\t\t\t<\/div>\n\t\t\t\t\t<\/div>\n\t\t<\/div>\n\t\t\t\t<div class=\"elementor-column elementor-col-33 elementor-inner-column elementor-element elementor-element-8c17c8b\" data-id=\"8c17c8b\" data-element_type=\"column\" data-e-type=\"column\">\n\t\t\t<div class=\"elementor-widget-wrap elementor-element-populated\">\n\t\t\t\t\t\t<div class=\"elementor-element elementor-element-501c6f7 elementor-widget elementor-widget-heading\" data-id=\"501c6f7\" data-element_type=\"widget\" data-e-type=\"widget\" data-widget_type=\"heading.default\">\n\t\t\t\t<div class=\"elementor-widget-container\">\n\t\t\t\t\t<h6 class=\"elementor-heading-title elementor-size-default\">Adresse<\/h6>\t\t\t\t<\/div>\n\t\t\t\t<\/div>\n\t\t\t\t<div class=\"elementor-element elementor-element-59e0750 elementor-widget elementor-widget-text-editor\" data-id=\"59e0750\" data-element_type=\"widget\" data-e-type=\"widget\" data-widget_type=\"text-editor.default\">\n\t\t\t\t<div class=\"elementor-widget-container\">\n\t\t\t\t\t\t\t\t\t<p>8 rue Th\u00e9ophile Gautier<\/p><p>76620 Le Havre<\/p>\t\t\t\t\t\t\t\t<\/div>\n\t\t\t\t<\/div>\n\t\t\t\t\t<\/div>\n\t\t<\/div>\n\t\t\t\t<div class=\"elementor-column elementor-col-33 elementor-inner-column elementor-element elementor-element-bd65056\" data-id=\"bd65056\" data-element_type=\"column\" data-e-type=\"column\">\n\t\t\t<div class=\"elementor-widget-wrap elementor-element-populated\">\n\t\t\t\t\t\t<div class=\"elementor-element elementor-element-c62a464 elementor-widget elementor-widget-heading\" data-id=\"c62a464\" data-element_type=\"widget\" data-e-type=\"widget\" data-widget_type=\"heading.default\">\n\t\t\t\t<div class=\"elementor-widget-container\">\n\t\t\t\t\t<h6 class=\"elementor-heading-title elementor-size-default\">Contactez-nous<\/h6>\t\t\t\t<\/div>\n\t\t\t\t<\/div>\n\t\t\t\t<div class=\"elementor-element elementor-element-d59c875 elementor-widget elementor-widget-text-editor\" data-id=\"d59c875\" data-element_type=\"widget\" data-e-type=\"widget\" data-widget_type=\"text-editor.default\">\n\t\t\t\t<div class=\"elementor-widget-container\">\n\t\t\t\t\t\t\t\t\t<p>T\u00e9l\u00e9phone :\u00a0<\/p><p>06.17.42.05.06<\/p><p>06.05.33.66.48<\/p><p>\u00a0<\/p><p>Email: judobernanos@gmail.com<\/p>\t\t\t\t\t\t\t\t<\/div>\n\t\t\t\t<\/div>\n\t\t\t\t\t<\/div>\n\t\t<\/div>\n\t\t\t\t\t<\/div>\n\t\t<\/section>\n\t\t\t\t\t<\/div>\n\t\t<\/div>\n\t\t\t\t\t<\/div>\n\t\t<\/section>\n\t\t\t\t<\/div>\n\t\t","protected":false},"excerpt":{"rendered":"<p>Pourquoi saluer ? une tradition POURQUOI SALUE-T-ON ? Le Judo vient du Japon. Traditionnellement dans ce pays on ne donne pas une poign\u00e9e de main mais on salue la personne ou l\u2019entit\u00e9 envers laquelle on veut montrer du respect, de la d\u00e9f\u00e9rence, de la reconnaissance, de la gratitude, de la modestie&#8230; En fait, tout le&hellip;&nbsp;<a href=\"https:\/\/judobernanos.com\/wordpressloevan\/culture-judo\/pourquoi-saluer\/\" rel=\"bookmark\"><span class=\"screen-reader-text\">Pourquoi saluer ?<\/span><\/a><\/p>\n","protected":false},"author":1,"featured_media":0,"parent":1022,"menu_order":5,"comment_status":"closed","ping_status":"closed","template":"elementor_header_footer","meta":{"_monsterinsights_skip_tracking":false,"_monsterinsights_sitenote_active":false,"_monsterinsights_sitenote_note":"","_monsterinsights_sitenote_category":0,"neve_meta_sidebar":"","neve_meta_container":"","neve_meta_enable_content_width":"","neve_meta_content_width":0,"neve_meta_title_alignment":"","neve_meta_author_avatar":"","neve_post_elements_order":"","neve_meta_disable_header":"","neve_meta_disable_footer":"","neve_meta_disable_title":"","footnotes":""},"class_list":["post-735","page","type-page","status-publish","hentry"],"yoast_head":"<!-- This site is optimized with the Yoast SEO plugin v27.5 - https:\/\/yoast.com\/product\/yoast-seo-wordpress\/ -->\n<title>Pourquoi saluer ? - JUDO BERNANOS<\/title>\n<meta name=\"description\" content=\"Pourquoi saluer ?\" \/>\n<meta name=\"robots\" content=\"index, follow, max-snippet:-1, max-image-preview:large, max-video-preview:-1\" \/>\n<link rel=\"canonical\" href=\"https:\/\/judobernanos.com\/wordpressloevan\/culture-judo\/pourquoi-saluer\/\" \/>\n<meta property=\"og:locale\" content=\"fr_FR\" \/>\n<meta property=\"og:type\" content=\"article\" \/>\n<meta property=\"og:title\" content=\"Pourquoi saluer ? - JUDO BERNANOS\" \/>\n<meta property=\"og:description\" content=\"Pourquoi saluer ?\" \/>\n<meta property=\"og:url\" content=\"https:\/\/judobernanos.com\/wordpressloevan\/culture-judo\/pourquoi-saluer\/\" \/>\n<meta property=\"og:site_name\" content=\"JUDO BERNANOS\" \/>\n<meta property=\"article:publisher\" content=\"https:\/\/www.facebook.com\/judobernanos\" \/>\n<meta property=\"article:modified_time\" content=\"2024-09-28T13:28:38+00:00\" \/>\n<meta property=\"og:image\" content=\"https:\/\/judobernanos.com\/wordpressloevan\/wp-content\/uploads\/2023\/03\/2db09dc8-1e39-4d08-9f9f-96fdd1a2b336-2.jpg\" \/>\n\t<meta property=\"og:image:width\" content=\"1595\" \/>\n\t<meta property=\"og:image:height\" content=\"671\" \/>\n\t<meta property=\"og:image:type\" content=\"image\/jpeg\" \/>\n<meta name=\"twitter:card\" content=\"summary_large_image\" \/>\n<meta name=\"twitter:label1\" content=\"Dur\u00e9e de lecture estim\u00e9e\" \/>\n\t<meta name=\"twitter:data1\" content=\"4 minutes\" \/>\n<script type=\"application\/ld+json\" class=\"yoast-schema-graph\">{\"@context\":\"https:\\\/\\\/schema.org\",\"@graph\":[{\"@type\":\"NewsArticle\",\"@id\":\"https:\\\/\\\/judobernanos.com\\\/wordpressloevan\\\/culture-judo\\\/pourquoi-saluer\\\/#article\",\"isPartOf\":{\"@id\":\"https:\\\/\\\/judobernanos.com\\\/wordpressloevan\\\/culture-judo\\\/pourquoi-saluer\\\/\"},\"author\":{\"name\":\"2LC PRODUCTION\",\"@id\":\"https:\\\/\\\/judobernanos.com\\\/wordpressloevan\\\/#\\\/schema\\\/person\\\/f86d6ca3df5a00fc051374fbaefe9c4b\"},\"headline\":\"Pourquoi saluer ?\",\"datePublished\":\"2020-09-02T18:29:08+00:00\",\"dateModified\":\"2024-09-28T13:28:38+00:00\",\"mainEntityOfPage\":{\"@id\":\"https:\\\/\\\/judobernanos.com\\\/wordpressloevan\\\/culture-judo\\\/pourquoi-saluer\\\/\"},\"wordCount\":683,\"publisher\":{\"@id\":\"https:\\\/\\\/judobernanos.com\\\/wordpressloevan\\\/#organization\"},\"inLanguage\":\"fr-FR\"},{\"@type\":\"WebPage\",\"@id\":\"https:\\\/\\\/judobernanos.com\\\/wordpressloevan\\\/culture-judo\\\/pourquoi-saluer\\\/\",\"url\":\"https:\\\/\\\/judobernanos.com\\\/wordpressloevan\\\/culture-judo\\\/pourquoi-saluer\\\/\",\"name\":\"Pourquoi saluer ? - JUDO BERNANOS\",\"isPartOf\":{\"@id\":\"https:\\\/\\\/judobernanos.com\\\/wordpressloevan\\\/#website\"},\"datePublished\":\"2020-09-02T18:29:08+00:00\",\"dateModified\":\"2024-09-28T13:28:38+00:00\",\"description\":\"Pourquoi saluer ?\",\"breadcrumb\":{\"@id\":\"https:\\\/\\\/judobernanos.com\\\/wordpressloevan\\\/culture-judo\\\/pourquoi-saluer\\\/#breadcrumb\"},\"inLanguage\":\"fr-FR\",\"potentialAction\":[{\"@type\":\"ReadAction\",\"target\":[\"https:\\\/\\\/judobernanos.com\\\/wordpressloevan\\\/culture-judo\\\/pourquoi-saluer\\\/\"]}]},{\"@type\":\"BreadcrumbList\",\"@id\":\"https:\\\/\\\/judobernanos.com\\\/wordpressloevan\\\/culture-judo\\\/pourquoi-saluer\\\/#breadcrumb\",\"itemListElement\":[{\"@type\":\"ListItem\",\"position\":1,\"name\":\"Accueil\",\"item\":\"https:\\\/\\\/judobernanos.com\\\/wordpressloevan\\\/\"},{\"@type\":\"ListItem\",\"position\":2,\"name\":\"Culture\",\"item\":\"https:\\\/\\\/judobernanos.com\\\/wordpressloevan\\\/culture-judo\\\/\"},{\"@type\":\"ListItem\",\"position\":3,\"name\":\"Pourquoi saluer ?\"}]},{\"@type\":\"WebSite\",\"@id\":\"https:\\\/\\\/judobernanos.com\\\/wordpressloevan\\\/#website\",\"url\":\"https:\\\/\\\/judobernanos.com\\\/wordpressloevan\\\/\",\"name\":\"JUDO BERNANOS\",\"description\":\"Le plus ancien club de judo havrais encore en activit\u00e9 .. Depuis 1968\",\"publisher\":{\"@id\":\"https:\\\/\\\/judobernanos.com\\\/wordpressloevan\\\/#organization\"},\"potentialAction\":[{\"@type\":\"SearchAction\",\"target\":{\"@type\":\"EntryPoint\",\"urlTemplate\":\"https:\\\/\\\/judobernanos.com\\\/wordpressloevan\\\/?s={search_term_string}\"},\"query-input\":{\"@type\":\"PropertyValueSpecification\",\"valueRequired\":true,\"valueName\":\"search_term_string\"}}],\"inLanguage\":\"fr-FR\"},{\"@type\":\"Organization\",\"@id\":\"https:\\\/\\\/judobernanos.com\\\/wordpressloevan\\\/#organization\",\"name\":\"Foyer G. Bernanos - Le Havre\",\"alternateName\":\"Judo Bernanos\",\"url\":\"https:\\\/\\\/judobernanos.com\\\/wordpressloevan\\\/\",\"logo\":{\"@type\":\"ImageObject\",\"inLanguage\":\"fr-FR\",\"@id\":\"https:\\\/\\\/judobernanos.com\\\/wordpressloevan\\\/#\\\/schema\\\/logo\\\/image\\\/\",\"url\":\"https:\\\/\\\/judobernanos.com\\\/wordpressloevan\\\/wp-content\\\/uploads\\\/2022\\\/01\\\/cropped-cropped-cropped-IMG_7125.png\",\"contentUrl\":\"https:\\\/\\\/judobernanos.com\\\/wordpressloevan\\\/wp-content\\\/uploads\\\/2022\\\/01\\\/cropped-cropped-cropped-IMG_7125.png\",\"width\":240,\"height\":240,\"caption\":\"Foyer G. Bernanos - Le Havre\"},\"image\":{\"@id\":\"https:\\\/\\\/judobernanos.com\\\/wordpressloevan\\\/#\\\/schema\\\/logo\\\/image\\\/\"},\"sameAs\":[\"https:\\\/\\\/www.facebook.com\\\/judobernanos\",\"https:\\\/\\\/www.instagram.com\\\/bernanos.judo\\\/\",\"https:\\\/\\\/www.youtube.com\\\/channel\\\/UC0ZX9zVT2ICb4Hi63_B9Vfg\"]},{\"@type\":\"Person\",\"@id\":\"https:\\\/\\\/judobernanos.com\\\/wordpressloevan\\\/#\\\/schema\\\/person\\\/f86d6ca3df5a00fc051374fbaefe9c4b\",\"name\":\"2LC PRODUCTION\",\"image\":{\"@type\":\"ImageObject\",\"inLanguage\":\"fr-FR\",\"@id\":\"https:\\\/\\\/secure.gravatar.com\\\/avatar\\\/1fef15fe76895241c9a181c7f4695d8d8150598584cecf50ff7ec35da070b3f3?s=96&d=blank&r=g\",\"url\":\"https:\\\/\\\/secure.gravatar.com\\\/avatar\\\/1fef15fe76895241c9a181c7f4695d8d8150598584cecf50ff7ec35da070b3f3?s=96&d=blank&r=g\",\"contentUrl\":\"https:\\\/\\\/secure.gravatar.com\\\/avatar\\\/1fef15fe76895241c9a181c7f4695d8d8150598584cecf50ff7ec35da070b3f3?s=96&d=blank&r=g\",\"caption\":\"2LC PRODUCTION\"},\"sameAs\":[\"http:\\\/\\\/judobernanos.com\\\/wordpressloevan\"],\"url\":\"https:\\\/\\\/judobernanos.com\\\/wordpressloevan\\\/author\\\/lolo_lcd\\\/\"}]}<\/script>\n<!-- \/ Yoast SEO plugin. -->","yoast_head_json":{"title":"Pourquoi saluer ? - JUDO BERNANOS","description":"Pourquoi saluer ?","robots":{"index":"index","follow":"follow","max-snippet":"max-snippet:-1","max-image-preview":"max-image-preview:large","max-video-preview":"max-video-preview:-1"},"canonical":"https:\/\/judobernanos.com\/wordpressloevan\/culture-judo\/pourquoi-saluer\/","og_locale":"fr_FR","og_type":"article","og_title":"Pourquoi saluer ? - JUDO BERNANOS","og_description":"Pourquoi saluer ?","og_url":"https:\/\/judobernanos.com\/wordpressloevan\/culture-judo\/pourquoi-saluer\/","og_site_name":"JUDO BERNANOS","article_publisher":"https:\/\/www.facebook.com\/judobernanos","article_modified_time":"2024-09-28T13:28:38+00:00","og_image":[{"width":1595,"height":671,"url":"https:\/\/judobernanos.com\/wordpressloevan\/wp-content\/uploads\/2023\/03\/2db09dc8-1e39-4d08-9f9f-96fdd1a2b336-2.jpg","type":"image\/jpeg"}],"twitter_card":"summary_large_image","twitter_misc":{"Dur\u00e9e de lecture estim\u00e9e":"4 minutes"},"schema":{"@context":"https:\/\/schema.org","@graph":[{"@type":"NewsArticle","@id":"https:\/\/judobernanos.com\/wordpressloevan\/culture-judo\/pourquoi-saluer\/#article","isPartOf":{"@id":"https:\/\/judobernanos.com\/wordpressloevan\/culture-judo\/pourquoi-saluer\/"},"author":{"name":"2LC PRODUCTION","@id":"https:\/\/judobernanos.com\/wordpressloevan\/#\/schema\/person\/f86d6ca3df5a00fc051374fbaefe9c4b"},"headline":"Pourquoi saluer ?","datePublished":"2020-09-02T18:29:08+00:00","dateModified":"2024-09-28T13:28:38+00:00","mainEntityOfPage":{"@id":"https:\/\/judobernanos.com\/wordpressloevan\/culture-judo\/pourquoi-saluer\/"},"wordCount":683,"publisher":{"@id":"https:\/\/judobernanos.com\/wordpressloevan\/#organization"},"inLanguage":"fr-FR"},{"@type":"WebPage","@id":"https:\/\/judobernanos.com\/wordpressloevan\/culture-judo\/pourquoi-saluer\/","url":"https:\/\/judobernanos.com\/wordpressloevan\/culture-judo\/pourquoi-saluer\/","name":"Pourquoi saluer ? - JUDO BERNANOS","isPartOf":{"@id":"https:\/\/judobernanos.com\/wordpressloevan\/#website"},"datePublished":"2020-09-02T18:29:08+00:00","dateModified":"2024-09-28T13:28:38+00:00","description":"Pourquoi saluer ?","breadcrumb":{"@id":"https:\/\/judobernanos.com\/wordpressloevan\/culture-judo\/pourquoi-saluer\/#breadcrumb"},"inLanguage":"fr-FR","potentialAction":[{"@type":"ReadAction","target":["https:\/\/judobernanos.com\/wordpressloevan\/culture-judo\/pourquoi-saluer\/"]}]},{"@type":"BreadcrumbList","@id":"https:\/\/judobernanos.com\/wordpressloevan\/culture-judo\/pourquoi-saluer\/#breadcrumb","itemListElement":[{"@type":"ListItem","position":1,"name":"Accueil","item":"https:\/\/judobernanos.com\/wordpressloevan\/"},{"@type":"ListItem","position":2,"name":"Culture","item":"https:\/\/judobernanos.com\/wordpressloevan\/culture-judo\/"},{"@type":"ListItem","position":3,"name":"Pourquoi saluer ?"}]},{"@type":"WebSite","@id":"https:\/\/judobernanos.com\/wordpressloevan\/#website","url":"https:\/\/judobernanos.com\/wordpressloevan\/","name":"JUDO BERNANOS","description":"Le plus ancien club de judo havrais encore en activit\u00e9 .. Depuis 1968","publisher":{"@id":"https:\/\/judobernanos.com\/wordpressloevan\/#organization"},"potentialAction":[{"@type":"SearchAction","target":{"@type":"EntryPoint","urlTemplate":"https:\/\/judobernanos.com\/wordpressloevan\/?s={search_term_string}"},"query-input":{"@type":"PropertyValueSpecification","valueRequired":true,"valueName":"search_term_string"}}],"inLanguage":"fr-FR"},{"@type":"Organization","@id":"https:\/\/judobernanos.com\/wordpressloevan\/#organization","name":"Foyer G. Bernanos - Le Havre","alternateName":"Judo Bernanos","url":"https:\/\/judobernanos.com\/wordpressloevan\/","logo":{"@type":"ImageObject","inLanguage":"fr-FR","@id":"https:\/\/judobernanos.com\/wordpressloevan\/#\/schema\/logo\/image\/","url":"https:\/\/judobernanos.com\/wordpressloevan\/wp-content\/uploads\/2022\/01\/cropped-cropped-cropped-IMG_7125.png","contentUrl":"https:\/\/judobernanos.com\/wordpressloevan\/wp-content\/uploads\/2022\/01\/cropped-cropped-cropped-IMG_7125.png","width":240,"height":240,"caption":"Foyer G. Bernanos - Le Havre"},"image":{"@id":"https:\/\/judobernanos.com\/wordpressloevan\/#\/schema\/logo\/image\/"},"sameAs":["https:\/\/www.facebook.com\/judobernanos","https:\/\/www.instagram.com\/bernanos.judo\/","https:\/\/www.youtube.com\/channel\/UC0ZX9zVT2ICb4Hi63_B9Vfg"]},{"@type":"Person","@id":"https:\/\/judobernanos.com\/wordpressloevan\/#\/schema\/person\/f86d6ca3df5a00fc051374fbaefe9c4b","name":"2LC PRODUCTION","image":{"@type":"ImageObject","inLanguage":"fr-FR","@id":"https:\/\/secure.gravatar.com\/avatar\/1fef15fe76895241c9a181c7f4695d8d8150598584cecf50ff7ec35da070b3f3?s=96&d=blank&r=g","url":"https:\/\/secure.gravatar.com\/avatar\/1fef15fe76895241c9a181c7f4695d8d8150598584cecf50ff7ec35da070b3f3?s=96&d=blank&r=g","contentUrl":"https:\/\/secure.gravatar.com\/avatar\/1fef15fe76895241c9a181c7f4695d8d8150598584cecf50ff7ec35da070b3f3?s=96&d=blank&r=g","caption":"2LC PRODUCTION"},"sameAs":["http:\/\/judobernanos.com\/wordpressloevan"],"url":"https:\/\/judobernanos.com\/wordpressloevan\/author\/lolo_lcd\/"}]}},"_links":{"self":[{"href":"https:\/\/judobernanos.com\/wordpressloevan\/wp-json\/wp\/v2\/pages\/735","targetHints":{"allow":["GET"]}}],"collection":[{"href":"https:\/\/judobernanos.com\/wordpressloevan\/wp-json\/wp\/v2\/pages"}],"about":[{"href":"https:\/\/judobernanos.com\/wordpressloevan\/wp-json\/wp\/v2\/types\/page"}],"author":[{"embeddable":true,"href":"https:\/\/judobernanos.com\/wordpressloevan\/wp-json\/wp\/v2\/users\/1"}],"replies":[{"embeddable":true,"href":"https:\/\/judobernanos.com\/wordpressloevan\/wp-json\/wp\/v2\/comments?post=735"}],"version-history":[{"count":14,"href":"https:\/\/judobernanos.com\/wordpressloevan\/wp-json\/wp\/v2\/pages\/735\/revisions"}],"predecessor-version":[{"id":8766,"href":"https:\/\/judobernanos.com\/wordpressloevan\/wp-json\/wp\/v2\/pages\/735\/revisions\/8766"}],"up":[{"embeddable":true,"href":"https:\/\/judobernanos.com\/wordpressloevan\/wp-json\/wp\/v2\/pages\/1022"}],"wp:attachment":[{"href":"https:\/\/judobernanos.com\/wordpressloevan\/wp-json\/wp\/v2\/media?parent=735"}],"curies":[{"name":"wp","href":"https:\/\/api.w.org\/{rel}","templated":true}]}}