{"id":714,"date":"2020-09-02T15:03:40","date_gmt":"2020-09-02T13:03:40","guid":{"rendered":"http:\/\/judobernanos.com\/wordpressloevan\/?page_id=714"},"modified":"2024-09-28T15:18:12","modified_gmt":"2024-09-28T13:18:12","slug":"reglement-interieur","status":"publish","type":"page","link":"https:\/\/judobernanos.com\/wordpressloevan\/judo-club-bernanos\/reglement-interieur\/","title":{"rendered":"R\u00e8glement int\u00e9rieur"},"content":{"rendered":"\t\t<div data-elementor-type=\"wp-page\" data-elementor-id=\"714\" class=\"elementor elementor-714\">\n\t\t\t\t\t\t<section class=\"elementor-section elementor-top-section elementor-element elementor-element-9bcdc26 elementor-section-content-middle elementor-section-full_width elementor-section-height-default elementor-section-height-default\" data-id=\"9bcdc26\" data-element_type=\"section\" data-e-type=\"section\" data-settings=\"{&quot;background_background&quot;:&quot;classic&quot;}\">\n\t\t\t\t\t\t\t<div class=\"elementor-background-overlay\"><\/div>\n\t\t\t\t\t\t\t<div class=\"elementor-container elementor-column-gap-no\">\n\t\t\t\t\t<div class=\"elementor-column elementor-col-100 elementor-top-column elementor-element elementor-element-29088bb\" data-id=\"29088bb\" data-element_type=\"column\" data-e-type=\"column\">\n\t\t\t<div class=\"elementor-widget-wrap elementor-element-populated\">\n\t\t\t\t\t\t<div class=\"elementor-element elementor-element-14ec2d4 elementor-widget elementor-widget-heading\" data-id=\"14ec2d4\" data-element_type=\"widget\" data-e-type=\"widget\" data-widget_type=\"heading.default\">\n\t\t\t\t<div class=\"elementor-widget-container\">\n\t\t\t\t\t<h4 class=\"elementor-heading-title elementor-size-default\">R\u00e8glement int\u00e9rieur<\/h4>\t\t\t\t<\/div>\n\t\t\t\t<\/div>\n\t\t\t\t<div class=\"elementor-element elementor-element-637dccb elementor-widget elementor-widget-heading\" data-id=\"637dccb\" data-element_type=\"widget\" data-e-type=\"widget\" data-widget_type=\"heading.default\">\n\t\t\t\t<div class=\"elementor-widget-container\">\n\t\t\t\t\t<h5 class=\"elementor-heading-title elementor-size-default\">JUDO BERNANOS LE HAVRE<\/h5>\t\t\t\t<\/div>\n\t\t\t\t<\/div>\n\t\t\t\t\t<\/div>\n\t\t<\/div>\n\t\t\t\t\t<\/div>\n\t\t<\/section>\n\t\t\t\t<section class=\"elementor-section elementor-top-section elementor-element elementor-element-13cb6b3 elementor-section-boxed elementor-section-height-default elementor-section-height-default\" data-id=\"13cb6b3\" data-element_type=\"section\" data-e-type=\"section\">\n\t\t\t\t\t\t<div class=\"elementor-container elementor-column-gap-default\">\n\t\t\t\t\t<div class=\"elementor-column elementor-col-100 elementor-top-column elementor-element elementor-element-ad46e81\" data-id=\"ad46e81\" data-element_type=\"column\" data-e-type=\"column\">\n\t\t\t<div class=\"elementor-widget-wrap elementor-element-populated\">\n\t\t\t\t\t\t<div class=\"elementor-element elementor-element-3816266 elementor-widget elementor-widget-text-editor\" data-id=\"3816266\" data-element_type=\"widget\" data-e-type=\"widget\" data-widget_type=\"text-editor.default\">\n\t\t\t\t<div class=\"elementor-widget-container\">\n\t\t\t\t\t\t\t\t\t<h4><span style=\"color: #ffffff;\"><strong><u>REGLEMENT INTERIEUR DE L\u2019ASSOCIATION<\/u><\/strong><\/span><\/h4><div><span style=\"color: #ffffff;\"><strong><u>\u00a0<\/u><\/strong><\/span><\/div><p style=\"font-weight: 400;\"><span style=\"color: #ffffff;\">\u00a0<strong>Article 1 : dispositions g\u00e9n\u00e9rales<\/strong><\/span><\/p><p style=\"font-weight: 400;\"><span style=\"color: #ffffff;\">Le pr\u00e9sent r\u00e8glement est en accord avec le r\u00e8glement int\u00e9rieur de la F\u00e9d\u00e9ration Fran\u00e7aise de Judo et Disciplines Associ\u00e9es (FFJDA).<\/span><\/p><p style=\"font-weight: 400;\"><span style=\"color: #ffffff;\">Il a pour but de fixer divers points pour la bonne marche du club qui ne sont pas d\u00e9taill\u00e9s par les statuts.<\/span><\/p><p style=\"font-weight: 400;\"><span style=\"color: #ffffff;\">\u00a0<\/span><\/p><p style=\"font-weight: 400;\"><span style=\"color: #ffffff;\">\u00a0<strong>Article 2 : licence<\/strong><\/span><\/p><p style=\"font-weight: 400;\"><span style=\"color: #ffffff;\">La prise de la licence FFJDA est obligatoire pour tout membre souhaitant pratiquer le judo ou toute autre discipline relevant de la FFJDA (valable de septembre \u00e0 ao\u00fbt de l&#8217;ann\u00e9e suivante).<\/span><\/p><p style=\"font-weight: 400;\"><span style=\"color: #ffffff;\">La licence couvre les adh\u00e9rents contre les accidents qui pourraient survenir pendant les s\u00e9ances de judo, mais n\u2019est pas une assurance personnelle contre les accidents qui pourraient survenir en dehors des s\u00e9ances.<\/span><\/p><p style=\"font-weight: 400;\">\u00a0<\/p>\t\t\t\t\t\t\t\t<\/div>\n\t\t\t\t<\/div>\n\t\t\t\t\t<\/div>\n\t\t<\/div>\n\t\t\t\t\t<\/div>\n\t\t<\/section>\n\t\t\t\t<section class=\"elementor-section elementor-top-section elementor-element elementor-element-497e5a6 elementor-section-boxed elementor-section-height-default elementor-section-height-default\" data-id=\"497e5a6\" data-element_type=\"section\" data-e-type=\"section\">\n\t\t\t\t\t\t<div class=\"elementor-container elementor-column-gap-default\">\n\t\t\t\t\t<div class=\"elementor-column elementor-col-100 elementor-top-column elementor-element elementor-element-0a57c35\" data-id=\"0a57c35\" data-element_type=\"column\" data-e-type=\"column\">\n\t\t\t<div class=\"elementor-widget-wrap elementor-element-populated\">\n\t\t\t\t\t\t<div class=\"elementor-element elementor-element-952c87a elementor-widget elementor-widget-text-editor\" data-id=\"952c87a\" data-element_type=\"widget\" data-e-type=\"widget\" data-widget_type=\"text-editor.default\">\n\t\t\t\t<div class=\"elementor-widget-container\">\n\t\t\t\t\t\t\t\t\t<p style=\"font-weight: 400;\"><span style=\"color: #ffffff;\">\u00a0<strong>Article 3\u00a0: cotisation<\/strong><\/span><\/p><p style=\"font-weight: 400;\"><span style=\"color: #ffffff;\">La cotisation disciplinaire et l&#8217;adh\u00e9sion sont annuelles et doivent \u00eatre r\u00e9gl\u00e9es \u00e0 l\u2019inscription pour la saison en cours.<\/span><\/p><p style=\"font-weight: 400;\"><span style=\"color: #ffffff;\">Elles sont fix\u00e9es par l\u2019Assembl\u00e9e G\u00e9n\u00e9rale. La cotisation correspond \u00e0 la possibilit\u00e9 de faire 2 cours par semaine sur les jours et horaires de cours d\u00e9finis suivant les \u00e2ges et les niveaux de pratiques.<\/span><\/p><ul style=\"font-weight: 400;\"><li><span style=\"color: #ffffff;\">Baby-judo : Mercredi.<\/span><\/li><li><span style=\"color: #ffffff;\">D\u00e9butants (enfants) : Samedi et mercredi.<\/span><\/li><li><span style=\"color: #ffffff;\">Confirm\u00e9s (enfants) : Samedi et mercredi.<\/span><\/li><li><span style=\"color: #ffffff;\">Comp\u00e9titeurs : Samedi et mercredi.<\/span><\/li><li><span style=\"color: #ffffff;\">Adultes Judo\/Ju-jitsu : Mardi et vendredi de \u00a018h30 \u00e0 20h00.<\/span><\/li><\/ul><p style=\"font-weight: 400;\"><span style=\"color: #ffffff;\">Possibilit\u00e9 de remettre 3 ch\u00e8ques \u00e0 l&#8217;inscription.\u00a0<strong><u>Toute ann\u00e9e commenc\u00e9e est due<\/u><\/strong>.<\/span><\/p><p style=\"font-weight: 400;\"><span style=\"color: #ffffff;\">\u00a0<\/span><\/p><p style=\"font-weight: 400;\"><span style=\"color: #ffffff;\"><strong>Article 4\u00a0: inscriptions<\/strong><\/span><\/p><p style=\"font-weight: 400;\"><span style=\"color: #ffffff;\">Des plages horaires sont pr\u00e9vues pour les inscriptions\u00a0: il est imp\u00e9ratif de les respecter pour ne pas troubler les cours. En outre ces moments privil\u00e9gi\u00e9s vous permettront de rencontrer les dirigeants et les professeurs.<\/span><\/p><p style=\"font-weight: 400;\"><span style=\"color: #ffffff;\">\u00a0A l\u2019inscription il est demand\u00e9\u00a0:<\/span><\/p><ul><li style=\"font-weight: 400;\"><span style=\"color: #ffffff;\">de remplir et signer une feuille d\u2019inscription, un formulaire de demande de licence ;<\/span><\/li><li style=\"font-weight: 400;\"><span style=\"color: #ffffff;\">de r\u00e9gler licence, adh\u00e9sion, cotisation disciplinaire, passeport sportif ;<\/span><\/li><li style=\"font-weight: 400;\"><span style=\"color: #ffffff;\">de fournir un certificat m\u00e9dical de moins d\u2019un an portant la mention : &#8220;absence de contre-indication apparente \u00e0 la pratique du judo y compris en comp\u00e9tition&#8221;.<\/span><\/li><\/ul><p style=\"font-weight: 400;\"><span style=\"color: #ffffff;\">\u00a0Si le club n&#8217;est pas en possession de ce certificat m\u00e9dical, l&#8217;acc\u00e8s au tatami sera refus\u00e9 au pratiquant.<\/span><\/p><p style=\"font-weight: 400;\"><span style=\"color: #ffffff;\">\u00a0<\/span><\/p><p style=\"font-weight: 400;\"><span style=\"color: #ffffff;\"><strong>Article 5 : comp\u00e9titions<\/strong><\/span><\/p><p style=\"font-weight: 400;\"><span style=\"color: #ffffff;\">Le professeur est seul habilit\u00e9 \u00e0 engager les judokas dans les comp\u00e9titions. Il fixe et organise l&#8217;organisation des cours et le planning annuel des entra\u00eenements et des comp\u00e9titions.<\/span><\/p><p style=\"font-weight: 400;\"><span style=\"color: #ffffff;\">Les licenci\u00e9s doivent avertir les professeurs lorsqu&#8217;ils ne peuvent pas participer \u00e0 une comp\u00e9tition pour laquelle ils sont convoqu\u00e9s et\/ou inscrits.<\/span><\/p><p style=\"font-weight: 400;\"><span style=\"color: #ffffff;\">Le passeport de la FFJDA ainsi que le certificat m\u00e9dical\u00a0pr\u00e9cisant l\u2019aptitude \u00e0 la comp\u00e9tition sont obligatoires pour participer aux comp\u00e9titions.<\/span><\/p><p style=\"font-weight: 400;\"><span style=\"color: #ffffff;\">\u00a0<\/span><\/p><p style=\"font-weight: 400;\"><span style=\"color: #ffffff;\">\u00a0<strong>Article 6 : professeurs<\/strong><\/span><\/p><p style=\"font-weight: 400;\"><span style=\"color: #ffffff;\">A chaque s\u00e9ance un Professeur Dipl\u00f4m\u00e9 d\u2019Etat et titulaire d\u2019un Brevet d\u2019Aptitude aux Premiers Secours encadre les diff\u00e9rents groupes de participants ou ateliers de pratique.<\/span><\/p><p style=\"font-weight: 400;\"><span style=\"color: #ffffff;\">Il peut se faire assister par une personne licenci\u00e9e.<\/span><\/p><p style=\"font-weight: 400;\"><span style=\"color: #ffffff;\">\u00a0<\/span><\/p><p style=\"font-weight: 400;\"><span style=\"color: #ffffff;\">\u00a0<strong>Article 7\u00a0: prise en charge des \u00e9l\u00e8ves<\/strong><\/span><\/p><p style=\"font-weight: 400;\"><span style=\"color: #ffffff;\">Pour les \u00e9l\u00e8ves mineurs le responsable doit s\u2019assurer de la pr\u00e9sence du Professeur et lui remettre l\u2019enfant dans l\u2019enceinte du Dojo.<\/span><\/p><p style=\"font-weight: 400;\"><span style=\"color: #ffffff;\">Les parents sont responsables de l\u2019enfant jusqu\u2019\u00e0 l\u2019arriv\u00e9e du Professeur sur le tatami.<\/span><\/p><p style=\"font-weight: 400;\"><span style=\"color: #ffffff;\">A la fin du cours le responsable le r\u00e9cup\u00e8re aupr\u00e8s du Professeur dans l\u2019enceinte du Dojo.<\/span><\/p><p style=\"font-weight: 400;\"><span style=\"color: #ffffff;\">La responsabilit\u00e9 de l\u2019Association s\u2019arr\u00eate \u00e0 la fin du cours.<\/span><\/p><p style=\"font-weight: 400;\"><span style=\"color: #ffffff;\">Les pratiquants se doivent d\u2019arriver \u00e0 l\u2019heure au cours et ne peuvent le quitter sans autorisation.<\/span><\/p><p style=\"font-weight: 400;\"><span style=\"color: #ffffff;\">En cas d\u2019absence exceptionnelle du Professeur 15 minutes apr\u00e8s l\u2019horaire normal du d\u00e9but du cours, l\u2019activit\u00e9 est annul\u00e9e.<\/span><\/p><p style=\"font-weight: 400;\"><span style=\"color: #ffffff;\">Les parents d\u00e9gagent la responsabilit\u00e9 de l\u2019Association pour les enfants venant seuls aux activit\u00e9s. En cas de probl\u00e8me survenu lors du trajet elle ne saurait \u00eatre tenue pour responsable.<\/span><\/p><p style=\"font-weight: 400;\"><span style=\"color: #ffffff;\">Il n\u2019est pas souhaitable que les parents restent dans le Dojo pendant les cours. En effet les enfants peuvent \u00eatre distraits par cette pr\u00e9sence et inattentifs \u00e0 l\u2019enseignement qui leur est dispens\u00e9.<\/span><\/p><p style=\"font-weight: 400;\"><span style=\"color: #ffffff;\">\u00a0<u>Important<\/u>\u00a0: en cas de perte de l&#8217;autorit\u00e9 parentale d&#8217;un des parents, cette situation doit \u00eatre signal\u00e9e par \u00e9crit avec copie du jugement au pr\u00e9sident du club.<\/span><\/p><p style=\"font-weight: 400;\"><span style=\"color: #ffffff;\">\u00a0<\/span><\/p><p style=\"font-weight: 400;\"><span style=\"color: #ffffff;\">\u00a0<strong>Article 8\u00a0: comportement<\/strong><\/span><\/p><p style=\"font-weight: 400;\"><span style=\"color: #ffffff;\">Une bonne tenue, le respect des personnes et du mat\u00e9riel sont de rigueur au sein du Club mais aussi lors de stages, animations ou comp\u00e9titions. Toute personne, licenci\u00e9, parents ou entourage du licenci\u00e9,\u00a0se faisant remarquer par une mauvaise conduite ou des propos incorrects lors des entra\u00eenements, des d\u00e9placements, des comp\u00e9titions pourra \u00eatre exclue, ou engendrer l&#8217;exclusion du licenci\u00e9, temporairement ou d\u00e9finitivement. Aucune demande de remboursement de la cotisation ne pourra \u00eatre demand\u00e9e.<\/span><\/p><p style=\"font-weight: 400;\"><span style=\"color: #ffffff;\">\u00a0<\/span><\/p><p style=\"font-weight: 400;\"><span style=\"color: #ffffff;\"><strong>Article 9\u00a0: accidents<\/strong><\/span><\/p><p style=\"font-weight: 400;\"><span style=\"color: #ffffff;\">En cas d\u2019accident il sera fait appel au Service d\u2019Urgences. A cet effet les parents autorisent les responsables du Club \u00e0 prendre toutes dispositions n\u00e9cessaires en cas d\u2019urgence m\u00e9dicale.<\/span><\/p><p style=\"font-weight: 400;\"><span style=\"color: #ffffff;\">Les num\u00e9ros d\u2019urgence sont affich\u00e9s dans le Dojo.<\/span><\/p><p style=\"font-weight: 400;\"><span style=\"color: #ffffff;\">SAMU 15 POLICE 17 POMPIERS 18 Appel d\u2019Urgence Europ\u00e9en 112<\/span><\/p><p style=\"font-weight: 400;\"><span style=\"color: #ffffff;\">\u00a0<\/span><\/p><p style=\"font-weight: 400;\"><span style=\"color: #ffffff;\">\u00a0<strong>Article 10 : hygi\u00e8ne<\/strong><\/span><\/p><p style=\"font-weight: 400;\"><span style=\"color: #ffffff;\">Les pratiquants doivent \u00eatre propres et porter un judogi propre. Les ongles doivent \u00eatre coup\u00e9s. Les judokas portent obligatoirement des zooris ou des claquettes pour se d\u00e9placer en dehors du tatami.<\/span><\/p><p style=\"font-weight: 400;\"><span style=\"color: #ffffff;\">Des vestiaires sont \u00e0 la disposition des pratiquants pour se changer.<\/span><\/p><p style=\"font-weight: 400;\"><span style=\"color: #ffffff;\">Le port du T-shirt sous le kimono est obligatoire pour les filles.<\/span><\/p><p style=\"font-weight: 400;\"><span style=\"color: #ffffff;\">Les cheveux longs doivent \u00eatre attach\u00e9s. Les barrettes et accessoires comportant des parties rigides, m\u00e9talliques sont interdits.<\/span><\/p><p style=\"font-weight: 400;\"><span style=\"color: #ffffff;\">Sont interdits sur le tatami :<\/span><\/p><ul><li style=\"font-weight: 400;\"><span style=\"color: #ffffff;\">tous les bijoux sans exception y compris les piercings<\/span><\/li><li style=\"font-weight: 400;\"><span style=\"color: #ffffff;\">les lunettes<\/span><\/li><li style=\"font-weight: 400;\"><span style=\"color: #ffffff;\">la nourriture y compris le chewing-gum<\/span><\/li><li style=\"font-weight: 400;\"><span style=\"color: #ffffff;\">\u00a0<\/span><\/li><\/ul><p style=\"font-weight: 400;\"><span style=\"color: #ffffff;\">\u00a0<strong>Article 11 : d\u00e9gradation de mat\u00e9riel<\/strong><\/span><\/p><p style=\"font-weight: 400;\"><span style=\"color: #ffffff;\">Tout bien mobilier ou immobilier bris\u00e9 ou d\u00e9grad\u00e9 volontairement ou accidentellement devra \u00eatre rembours\u00e9 par le pratiquant (ou le responsable l\u00e9gal pour les mineurs) sur pr\u00e9sentation d\u2019une facture par l\u2019association.<\/span><\/p>\t\t\t\t\t\t\t\t<\/div>\n\t\t\t\t<\/div>\n\t\t\t\t\t<\/div>\n\t\t<\/div>\n\t\t\t\t\t<\/div>\n\t\t<\/section>\n\t\t\t\t<section class=\"elementor-section elementor-top-section elementor-element elementor-element-3e377cf elementor-section-full_width elementor-section-height-default elementor-section-height-default\" data-id=\"3e377cf\" data-element_type=\"section\" data-e-type=\"section\" data-settings=\"{&quot;background_background&quot;:&quot;classic&quot;}\">\n\t\t\t\t\t\t<div class=\"elementor-container elementor-column-gap-no\">\n\t\t\t\t\t<div class=\"elementor-column elementor-col-100 elementor-top-column elementor-element elementor-element-931bc71\" data-id=\"931bc71\" data-element_type=\"column\" data-e-type=\"column\">\n\t\t\t<div class=\"elementor-widget-wrap elementor-element-populated\">\n\t\t\t\t\t\t<div class=\"elementor-element elementor-element-bff2242 elementor-widget elementor-widget-google_maps\" data-id=\"bff2242\" data-element_type=\"widget\" data-e-type=\"widget\" data-widget_type=\"google_maps.default\">\n\t\t\t\t<div class=\"elementor-widget-container\">\n\t\t\t\t\t\t\t<div class=\"elementor-custom-embed\">\n\t\t\t<iframe loading=\"lazy\"\n\t\t\t\t\tsrc=\"https:\/\/maps.google.com\/maps?q=8%20rue%20Th%C3%A9ophile%20Gautier%2C%20Le%20Havre&#038;t=m&#038;z=14&#038;output=embed&#038;iwloc=near\"\n\t\t\t\t\ttitle=\"8 rue Th\u00e9ophile Gautier, Le Havre\"\n\t\t\t\t\taria-label=\"8 rue Th\u00e9ophile Gautier, Le Havre\"\n\t\t\t><\/iframe>\n\t\t<\/div>\n\t\t\t\t\t\t<\/div>\n\t\t\t\t<\/div>\n\t\t\t\t<section class=\"elementor-section elementor-inner-section elementor-element elementor-element-d696b7f elementor-section-content-middle elementor-section-boxed elementor-section-height-default elementor-section-height-default\" data-id=\"d696b7f\" data-element_type=\"section\" data-e-type=\"section\">\n\t\t\t\t\t\t<div class=\"elementor-container elementor-column-gap-no\">\n\t\t\t\t\t<div class=\"elementor-column elementor-col-33 elementor-inner-column elementor-element elementor-element-9f2eafe\" data-id=\"9f2eafe\" data-element_type=\"column\" data-e-type=\"column\">\n\t\t\t<div class=\"elementor-widget-wrap elementor-element-populated\">\n\t\t\t\t\t\t<div class=\"elementor-element elementor-element-a34a1bd elementor-widget elementor-widget-heading\" data-id=\"a34a1bd\" data-element_type=\"widget\" data-e-type=\"widget\" data-widget_type=\"heading.default\">\n\t\t\t\t<div class=\"elementor-widget-container\">\n\t\t\t\t\t<h6 class=\"elementor-heading-title elementor-size-default\">Nos horaires<\/h6>\t\t\t\t<\/div>\n\t\t\t\t<\/div>\n\t\t\t\t<div class=\"elementor-element elementor-element-28050e2 elementor-widget elementor-widget-text-editor\" data-id=\"28050e2\" data-element_type=\"widget\" data-e-type=\"widget\" data-widget_type=\"text-editor.default\">\n\t\t\t\t<div class=\"elementor-widget-container\">\n\t\t\t\t\t\t\t\t\t<p>Lundi : 18h &#8211; 19h<\/p><p>Mardi : 18h30 &#8211; 20h<\/p><p>Mercredi : 14h &#8211; 19h<\/p><p>Vendredi : 18h30 &#8211; 20h<\/p><p>Samedi : 11h &#8211; 12h puis 15h &#8211; 19h<\/p>\t\t\t\t\t\t\t\t<\/div>\n\t\t\t\t<\/div>\n\t\t\t\t\t<\/div>\n\t\t<\/div>\n\t\t\t\t<div class=\"elementor-column elementor-col-33 elementor-inner-column elementor-element elementor-element-cefe268\" data-id=\"cefe268\" data-element_type=\"column\" data-e-type=\"column\">\n\t\t\t<div class=\"elementor-widget-wrap elementor-element-populated\">\n\t\t\t\t\t\t<div class=\"elementor-element elementor-element-a683f68 elementor-widget elementor-widget-heading\" data-id=\"a683f68\" data-element_type=\"widget\" data-e-type=\"widget\" data-widget_type=\"heading.default\">\n\t\t\t\t<div class=\"elementor-widget-container\">\n\t\t\t\t\t<h6 class=\"elementor-heading-title elementor-size-default\">Adresse<\/h6>\t\t\t\t<\/div>\n\t\t\t\t<\/div>\n\t\t\t\t<div class=\"elementor-element elementor-element-4d6dc64 elementor-widget elementor-widget-text-editor\" data-id=\"4d6dc64\" data-element_type=\"widget\" data-e-type=\"widget\" data-widget_type=\"text-editor.default\">\n\t\t\t\t<div class=\"elementor-widget-container\">\n\t\t\t\t\t\t\t\t\t<p>8 rue Th\u00e9ophile Gautier<\/p><p>76620 Le Havre<\/p>\t\t\t\t\t\t\t\t<\/div>\n\t\t\t\t<\/div>\n\t\t\t\t\t<\/div>\n\t\t<\/div>\n\t\t\t\t<div class=\"elementor-column elementor-col-33 elementor-inner-column elementor-element elementor-element-50d6f97\" data-id=\"50d6f97\" data-element_type=\"column\" data-e-type=\"column\">\n\t\t\t<div class=\"elementor-widget-wrap elementor-element-populated\">\n\t\t\t\t\t\t<div class=\"elementor-element elementor-element-c8b14da elementor-widget elementor-widget-heading\" data-id=\"c8b14da\" data-element_type=\"widget\" data-e-type=\"widget\" data-widget_type=\"heading.default\">\n\t\t\t\t<div class=\"elementor-widget-container\">\n\t\t\t\t\t<h6 class=\"elementor-heading-title elementor-size-default\">Contactez-nous<\/h6>\t\t\t\t<\/div>\n\t\t\t\t<\/div>\n\t\t\t\t<div class=\"elementor-element elementor-element-9933660 elementor-widget elementor-widget-text-editor\" data-id=\"9933660\" data-element_type=\"widget\" data-e-type=\"widget\" data-widget_type=\"text-editor.default\">\n\t\t\t\t<div class=\"elementor-widget-container\">\n\t\t\t\t\t\t\t\t\t<p>T\u00e9l\u00e9phone :\u00a0<\/p><p>06.17.42.05.06<\/p><p>06.05.33.66.48<\/p><p>\u00a0<\/p><p>Email: judobernanos@gmail.com<\/p>\t\t\t\t\t\t\t\t<\/div>\n\t\t\t\t<\/div>\n\t\t\t\t\t<\/div>\n\t\t<\/div>\n\t\t\t\t\t<\/div>\n\t\t<\/section>\n\t\t\t\t\t<\/div>\n\t\t<\/div>\n\t\t\t\t\t<\/div>\n\t\t<\/section>\n\t\t\t\t<\/div>\n\t\t","protected":false},"excerpt":{"rendered":"<p>R\u00e8glement int\u00e9rieur JUDO BERNANOS LE HAVRE REGLEMENT INTERIEUR DE L\u2019ASSOCIATION \u00a0 \u00a0Article 1 : dispositions g\u00e9n\u00e9rales Le pr\u00e9sent r\u00e8glement est en accord avec le r\u00e8glement int\u00e9rieur de la F\u00e9d\u00e9ration Fran\u00e7aise de Judo et Disciplines Associ\u00e9es (FFJDA). Il a pour but de fixer divers points pour la bonne marche du club qui ne sont pas d\u00e9taill\u00e9s&hellip;&nbsp;<a href=\"https:\/\/judobernanos.com\/wordpressloevan\/judo-club-bernanos\/reglement-interieur\/\" rel=\"bookmark\"><span class=\"screen-reader-text\">R\u00e8glement int\u00e9rieur<\/span><\/a><\/p>\n","protected":false},"author":1,"featured_media":0,"parent":1020,"menu_order":5,"comment_status":"closed","ping_status":"closed","template":"elementor_header_footer","meta":{"_monsterinsights_skip_tracking":false,"_monsterinsights_sitenote_active":false,"_monsterinsights_sitenote_note":"","_monsterinsights_sitenote_category":0,"neve_meta_sidebar":"","neve_meta_container":"","neve_meta_enable_content_width":"","neve_meta_content_width":0,"neve_meta_title_alignment":"","neve_meta_author_avatar":"","neve_post_elements_order":"","neve_meta_disable_header":"","neve_meta_disable_footer":"","neve_meta_disable_title":"","footnotes":""},"class_list":["post-714","page","type-page","status-publish","hentry"],"yoast_head":"<!-- This site is optimized with the Yoast SEO plugin v27.5 - https:\/\/yoast.com\/product\/yoast-seo-wordpress\/ -->\n<title>R\u00e8glement int\u00e9rieur - JUDO BERNANOS<\/title>\n<meta name=\"description\" content=\"R\u00e8glement int\u00e9rieur\" \/>\n<meta name=\"robots\" content=\"index, follow, max-snippet:-1, max-image-preview:large, max-video-preview:-1\" \/>\n<link rel=\"canonical\" href=\"https:\/\/judobernanos.com\/wordpressloevan\/judo-club-bernanos\/reglement-interieur\/\" \/>\n<meta property=\"og:locale\" content=\"fr_FR\" \/>\n<meta property=\"og:type\" content=\"article\" \/>\n<meta property=\"og:title\" content=\"R\u00e8glement int\u00e9rieur - JUDO BERNANOS\" \/>\n<meta property=\"og:description\" content=\"R\u00e8glement int\u00e9rieur\" \/>\n<meta property=\"og:url\" content=\"https:\/\/judobernanos.com\/wordpressloevan\/judo-club-bernanos\/reglement-interieur\/\" \/>\n<meta property=\"og:site_name\" content=\"JUDO BERNANOS\" \/>\n<meta property=\"article:publisher\" content=\"https:\/\/www.facebook.com\/judobernanos\" \/>\n<meta property=\"article:modified_time\" content=\"2024-09-28T13:18:12+00:00\" \/>\n<meta property=\"og:image\" content=\"https:\/\/judobernanos.com\/wordpressloevan\/wp-content\/uploads\/2023\/03\/2db09dc8-1e39-4d08-9f9f-96fdd1a2b336-2.jpg\" \/>\n\t<meta property=\"og:image:width\" content=\"1595\" \/>\n\t<meta property=\"og:image:height\" content=\"671\" \/>\n\t<meta property=\"og:image:type\" content=\"image\/jpeg\" \/>\n<meta name=\"twitter:card\" content=\"summary_large_image\" \/>\n<meta name=\"twitter:label1\" content=\"Dur\u00e9e de lecture estim\u00e9e\" \/>\n\t<meta name=\"twitter:data1\" content=\"5 minutes\" \/>\n<script type=\"application\/ld+json\" class=\"yoast-schema-graph\">{\"@context\":\"https:\\\/\\\/schema.org\",\"@graph\":[{\"@type\":\"NewsArticle\",\"@id\":\"https:\\\/\\\/judobernanos.com\\\/wordpressloevan\\\/judo-club-bernanos\\\/reglement-interieur\\\/#article\",\"isPartOf\":{\"@id\":\"https:\\\/\\\/judobernanos.com\\\/wordpressloevan\\\/judo-club-bernanos\\\/reglement-interieur\\\/\"},\"author\":{\"name\":\"2LC PRODUCTION\",\"@id\":\"https:\\\/\\\/judobernanos.com\\\/wordpressloevan\\\/#\\\/schema\\\/person\\\/f86d6ca3df5a00fc051374fbaefe9c4b\"},\"headline\":\"R\u00e8glement int\u00e9rieur\",\"datePublished\":\"2020-09-02T13:03:40+00:00\",\"dateModified\":\"2024-09-28T13:18:12+00:00\",\"mainEntityOfPage\":{\"@id\":\"https:\\\/\\\/judobernanos.com\\\/wordpressloevan\\\/judo-club-bernanos\\\/reglement-interieur\\\/\"},\"wordCount\":1031,\"publisher\":{\"@id\":\"https:\\\/\\\/judobernanos.com\\\/wordpressloevan\\\/#organization\"},\"inLanguage\":\"fr-FR\"},{\"@type\":\"WebPage\",\"@id\":\"https:\\\/\\\/judobernanos.com\\\/wordpressloevan\\\/judo-club-bernanos\\\/reglement-interieur\\\/\",\"url\":\"https:\\\/\\\/judobernanos.com\\\/wordpressloevan\\\/judo-club-bernanos\\\/reglement-interieur\\\/\",\"name\":\"R\u00e8glement int\u00e9rieur - JUDO BERNANOS\",\"isPartOf\":{\"@id\":\"https:\\\/\\\/judobernanos.com\\\/wordpressloevan\\\/#website\"},\"datePublished\":\"2020-09-02T13:03:40+00:00\",\"dateModified\":\"2024-09-28T13:18:12+00:00\",\"description\":\"R\u00e8glement int\u00e9rieur\",\"breadcrumb\":{\"@id\":\"https:\\\/\\\/judobernanos.com\\\/wordpressloevan\\\/judo-club-bernanos\\\/reglement-interieur\\\/#breadcrumb\"},\"inLanguage\":\"fr-FR\",\"potentialAction\":[{\"@type\":\"ReadAction\",\"target\":[\"https:\\\/\\\/judobernanos.com\\\/wordpressloevan\\\/judo-club-bernanos\\\/reglement-interieur\\\/\"]}]},{\"@type\":\"BreadcrumbList\",\"@id\":\"https:\\\/\\\/judobernanos.com\\\/wordpressloevan\\\/judo-club-bernanos\\\/reglement-interieur\\\/#breadcrumb\",\"itemListElement\":[{\"@type\":\"ListItem\",\"position\":1,\"name\":\"Accueil\",\"item\":\"https:\\\/\\\/judobernanos.com\\\/wordpressloevan\\\/\"},{\"@type\":\"ListItem\",\"position\":2,\"name\":\"Club\",\"item\":\"https:\\\/\\\/judobernanos.com\\\/wordpressloevan\\\/judo-club-bernanos\\\/\"},{\"@type\":\"ListItem\",\"position\":3,\"name\":\"R\u00e8glement int\u00e9rieur\"}]},{\"@type\":\"WebSite\",\"@id\":\"https:\\\/\\\/judobernanos.com\\\/wordpressloevan\\\/#website\",\"url\":\"https:\\\/\\\/judobernanos.com\\\/wordpressloevan\\\/\",\"name\":\"JUDO BERNANOS\",\"description\":\"Le plus ancien club de judo havrais encore en activit\u00e9 .. Depuis 1968\",\"publisher\":{\"@id\":\"https:\\\/\\\/judobernanos.com\\\/wordpressloevan\\\/#organization\"},\"potentialAction\":[{\"@type\":\"SearchAction\",\"target\":{\"@type\":\"EntryPoint\",\"urlTemplate\":\"https:\\\/\\\/judobernanos.com\\\/wordpressloevan\\\/?s={search_term_string}\"},\"query-input\":{\"@type\":\"PropertyValueSpecification\",\"valueRequired\":true,\"valueName\":\"search_term_string\"}}],\"inLanguage\":\"fr-FR\"},{\"@type\":\"Organization\",\"@id\":\"https:\\\/\\\/judobernanos.com\\\/wordpressloevan\\\/#organization\",\"name\":\"Foyer G. Bernanos - Le Havre\",\"alternateName\":\"Judo Bernanos\",\"url\":\"https:\\\/\\\/judobernanos.com\\\/wordpressloevan\\\/\",\"logo\":{\"@type\":\"ImageObject\",\"inLanguage\":\"fr-FR\",\"@id\":\"https:\\\/\\\/judobernanos.com\\\/wordpressloevan\\\/#\\\/schema\\\/logo\\\/image\\\/\",\"url\":\"https:\\\/\\\/judobernanos.com\\\/wordpressloevan\\\/wp-content\\\/uploads\\\/2022\\\/01\\\/cropped-cropped-cropped-IMG_7125.png\",\"contentUrl\":\"https:\\\/\\\/judobernanos.com\\\/wordpressloevan\\\/wp-content\\\/uploads\\\/2022\\\/01\\\/cropped-cropped-cropped-IMG_7125.png\",\"width\":240,\"height\":240,\"caption\":\"Foyer G. Bernanos - Le Havre\"},\"image\":{\"@id\":\"https:\\\/\\\/judobernanos.com\\\/wordpressloevan\\\/#\\\/schema\\\/logo\\\/image\\\/\"},\"sameAs\":[\"https:\\\/\\\/www.facebook.com\\\/judobernanos\",\"https:\\\/\\\/www.instagram.com\\\/bernanos.judo\\\/\",\"https:\\\/\\\/www.youtube.com\\\/channel\\\/UC0ZX9zVT2ICb4Hi63_B9Vfg\"]},{\"@type\":\"Person\",\"@id\":\"https:\\\/\\\/judobernanos.com\\\/wordpressloevan\\\/#\\\/schema\\\/person\\\/f86d6ca3df5a00fc051374fbaefe9c4b\",\"name\":\"2LC PRODUCTION\",\"image\":{\"@type\":\"ImageObject\",\"inLanguage\":\"fr-FR\",\"@id\":\"https:\\\/\\\/secure.gravatar.com\\\/avatar\\\/1fef15fe76895241c9a181c7f4695d8d8150598584cecf50ff7ec35da070b3f3?s=96&d=blank&r=g\",\"url\":\"https:\\\/\\\/secure.gravatar.com\\\/avatar\\\/1fef15fe76895241c9a181c7f4695d8d8150598584cecf50ff7ec35da070b3f3?s=96&d=blank&r=g\",\"contentUrl\":\"https:\\\/\\\/secure.gravatar.com\\\/avatar\\\/1fef15fe76895241c9a181c7f4695d8d8150598584cecf50ff7ec35da070b3f3?s=96&d=blank&r=g\",\"caption\":\"2LC PRODUCTION\"},\"sameAs\":[\"http:\\\/\\\/judobernanos.com\\\/wordpressloevan\"],\"url\":\"https:\\\/\\\/judobernanos.com\\\/wordpressloevan\\\/author\\\/lolo_lcd\\\/\"}]}<\/script>\n<!-- \/ Yoast SEO plugin. -->","yoast_head_json":{"title":"R\u00e8glement int\u00e9rieur - JUDO BERNANOS","description":"R\u00e8glement int\u00e9rieur","robots":{"index":"index","follow":"follow","max-snippet":"max-snippet:-1","max-image-preview":"max-image-preview:large","max-video-preview":"max-video-preview:-1"},"canonical":"https:\/\/judobernanos.com\/wordpressloevan\/judo-club-bernanos\/reglement-interieur\/","og_locale":"fr_FR","og_type":"article","og_title":"R\u00e8glement int\u00e9rieur - JUDO BERNANOS","og_description":"R\u00e8glement int\u00e9rieur","og_url":"https:\/\/judobernanos.com\/wordpressloevan\/judo-club-bernanos\/reglement-interieur\/","og_site_name":"JUDO BERNANOS","article_publisher":"https:\/\/www.facebook.com\/judobernanos","article_modified_time":"2024-09-28T13:18:12+00:00","og_image":[{"width":1595,"height":671,"url":"https:\/\/judobernanos.com\/wordpressloevan\/wp-content\/uploads\/2023\/03\/2db09dc8-1e39-4d08-9f9f-96fdd1a2b336-2.jpg","type":"image\/jpeg"}],"twitter_card":"summary_large_image","twitter_misc":{"Dur\u00e9e de lecture estim\u00e9e":"5 minutes"},"schema":{"@context":"https:\/\/schema.org","@graph":[{"@type":"NewsArticle","@id":"https:\/\/judobernanos.com\/wordpressloevan\/judo-club-bernanos\/reglement-interieur\/#article","isPartOf":{"@id":"https:\/\/judobernanos.com\/wordpressloevan\/judo-club-bernanos\/reglement-interieur\/"},"author":{"name":"2LC PRODUCTION","@id":"https:\/\/judobernanos.com\/wordpressloevan\/#\/schema\/person\/f86d6ca3df5a00fc051374fbaefe9c4b"},"headline":"R\u00e8glement int\u00e9rieur","datePublished":"2020-09-02T13:03:40+00:00","dateModified":"2024-09-28T13:18:12+00:00","mainEntityOfPage":{"@id":"https:\/\/judobernanos.com\/wordpressloevan\/judo-club-bernanos\/reglement-interieur\/"},"wordCount":1031,"publisher":{"@id":"https:\/\/judobernanos.com\/wordpressloevan\/#organization"},"inLanguage":"fr-FR"},{"@type":"WebPage","@id":"https:\/\/judobernanos.com\/wordpressloevan\/judo-club-bernanos\/reglement-interieur\/","url":"https:\/\/judobernanos.com\/wordpressloevan\/judo-club-bernanos\/reglement-interieur\/","name":"R\u00e8glement int\u00e9rieur - JUDO BERNANOS","isPartOf":{"@id":"https:\/\/judobernanos.com\/wordpressloevan\/#website"},"datePublished":"2020-09-02T13:03:40+00:00","dateModified":"2024-09-28T13:18:12+00:00","description":"R\u00e8glement int\u00e9rieur","breadcrumb":{"@id":"https:\/\/judobernanos.com\/wordpressloevan\/judo-club-bernanos\/reglement-interieur\/#breadcrumb"},"inLanguage":"fr-FR","potentialAction":[{"@type":"ReadAction","target":["https:\/\/judobernanos.com\/wordpressloevan\/judo-club-bernanos\/reglement-interieur\/"]}]},{"@type":"BreadcrumbList","@id":"https:\/\/judobernanos.com\/wordpressloevan\/judo-club-bernanos\/reglement-interieur\/#breadcrumb","itemListElement":[{"@type":"ListItem","position":1,"name":"Accueil","item":"https:\/\/judobernanos.com\/wordpressloevan\/"},{"@type":"ListItem","position":2,"name":"Club","item":"https:\/\/judobernanos.com\/wordpressloevan\/judo-club-bernanos\/"},{"@type":"ListItem","position":3,"name":"R\u00e8glement int\u00e9rieur"}]},{"@type":"WebSite","@id":"https:\/\/judobernanos.com\/wordpressloevan\/#website","url":"https:\/\/judobernanos.com\/wordpressloevan\/","name":"JUDO BERNANOS","description":"Le plus ancien club de judo havrais encore en activit\u00e9 .. Depuis 1968","publisher":{"@id":"https:\/\/judobernanos.com\/wordpressloevan\/#organization"},"potentialAction":[{"@type":"SearchAction","target":{"@type":"EntryPoint","urlTemplate":"https:\/\/judobernanos.com\/wordpressloevan\/?s={search_term_string}"},"query-input":{"@type":"PropertyValueSpecification","valueRequired":true,"valueName":"search_term_string"}}],"inLanguage":"fr-FR"},{"@type":"Organization","@id":"https:\/\/judobernanos.com\/wordpressloevan\/#organization","name":"Foyer G. Bernanos - Le Havre","alternateName":"Judo Bernanos","url":"https:\/\/judobernanos.com\/wordpressloevan\/","logo":{"@type":"ImageObject","inLanguage":"fr-FR","@id":"https:\/\/judobernanos.com\/wordpressloevan\/#\/schema\/logo\/image\/","url":"https:\/\/judobernanos.com\/wordpressloevan\/wp-content\/uploads\/2022\/01\/cropped-cropped-cropped-IMG_7125.png","contentUrl":"https:\/\/judobernanos.com\/wordpressloevan\/wp-content\/uploads\/2022\/01\/cropped-cropped-cropped-IMG_7125.png","width":240,"height":240,"caption":"Foyer G. Bernanos - Le Havre"},"image":{"@id":"https:\/\/judobernanos.com\/wordpressloevan\/#\/schema\/logo\/image\/"},"sameAs":["https:\/\/www.facebook.com\/judobernanos","https:\/\/www.instagram.com\/bernanos.judo\/","https:\/\/www.youtube.com\/channel\/UC0ZX9zVT2ICb4Hi63_B9Vfg"]},{"@type":"Person","@id":"https:\/\/judobernanos.com\/wordpressloevan\/#\/schema\/person\/f86d6ca3df5a00fc051374fbaefe9c4b","name":"2LC PRODUCTION","image":{"@type":"ImageObject","inLanguage":"fr-FR","@id":"https:\/\/secure.gravatar.com\/avatar\/1fef15fe76895241c9a181c7f4695d8d8150598584cecf50ff7ec35da070b3f3?s=96&d=blank&r=g","url":"https:\/\/secure.gravatar.com\/avatar\/1fef15fe76895241c9a181c7f4695d8d8150598584cecf50ff7ec35da070b3f3?s=96&d=blank&r=g","contentUrl":"https:\/\/secure.gravatar.com\/avatar\/1fef15fe76895241c9a181c7f4695d8d8150598584cecf50ff7ec35da070b3f3?s=96&d=blank&r=g","caption":"2LC PRODUCTION"},"sameAs":["http:\/\/judobernanos.com\/wordpressloevan"],"url":"https:\/\/judobernanos.com\/wordpressloevan\/author\/lolo_lcd\/"}]}},"_links":{"self":[{"href":"https:\/\/judobernanos.com\/wordpressloevan\/wp-json\/wp\/v2\/pages\/714","targetHints":{"allow":["GET"]}}],"collection":[{"href":"https:\/\/judobernanos.com\/wordpressloevan\/wp-json\/wp\/v2\/pages"}],"about":[{"href":"https:\/\/judobernanos.com\/wordpressloevan\/wp-json\/wp\/v2\/types\/page"}],"author":[{"embeddable":true,"href":"https:\/\/judobernanos.com\/wordpressloevan\/wp-json\/wp\/v2\/users\/1"}],"replies":[{"embeddable":true,"href":"https:\/\/judobernanos.com\/wordpressloevan\/wp-json\/wp\/v2\/comments?post=714"}],"version-history":[{"count":22,"href":"https:\/\/judobernanos.com\/wordpressloevan\/wp-json\/wp\/v2\/pages\/714\/revisions"}],"predecessor-version":[{"id":8742,"href":"https:\/\/judobernanos.com\/wordpressloevan\/wp-json\/wp\/v2\/pages\/714\/revisions\/8742"}],"up":[{"embeddable":true,"href":"https:\/\/judobernanos.com\/wordpressloevan\/wp-json\/wp\/v2\/pages\/1020"}],"wp:attachment":[{"href":"https:\/\/judobernanos.com\/wordpressloevan\/wp-json\/wp\/v2\/media?parent=714"}],"curies":[{"name":"wp","href":"https:\/\/api.w.org\/{rel}","templated":true}]}}